{"id":18876,"date":"2024-08-03T17:33:06","date_gmt":"2024-08-03T17:33:06","guid":{"rendered":"https:\/\/aztex.ee\/privaatsuspoliitika\/"},"modified":"2024-10-01T20:17:54","modified_gmt":"2024-10-01T20:17:54","slug":"politique-de-confidentialite","status":"publish","type":"page","link":"https:\/\/aztex.ee\/fr\/politique-de-confidentialite\/","title":{"rendered":"Politique de confidentialit\u00e9"},"content":{"rendered":"\n<ol class=\"wp-block-list\">\n<li><strong>Dispositions g\u00e9n\u00e9rales<\/strong><\/li>\n<\/ol>\n\n\n\n<p class=\"wp-block-paragraph\">1.1. La pr\u00e9sente politique de confidentialit\u00e9 r\u00e9git les principes relatifs \u00e0 la collecte, au traitement et au stockage des donn\u00e9es personnelles. Les donn\u00e9es personnelles sont collect\u00e9es, trait\u00e9es et stock\u00e9es par le responsable du traitement des donn\u00e9es personnelles <strong>Minu Baltic O\u00dc<\/strong> (ci-apr\u00e8s le responsable du traitement des donn\u00e9es).<\/p>\n\n\n\n<p class=\"wp-block-paragraph\">1.2. Une personne concern\u00e9e au sens de la politique de confidentialit\u00e9 est un client ou une autre personne physique dont les donn\u00e9es personnelles sont trait\u00e9es par le responsable du traitement des donn\u00e9es.<\/p>\n\n\n\n<p class=\"wp-block-paragraph\">1.3. Un client au sens de la politique de confidentialit\u00e9 est toute personne qui ach\u00e8te des biens ou des services sur le site Web du responsable du traitement des donn\u00e9es.<\/p>\n\n\n\n<p class=\"wp-block-paragraph\">1.4. Le responsable du traitement des donn\u00e9es suit les principes de traitement des donn\u00e9es stipul\u00e9s dans la l\u00e9gislation, entre autres, le responsable du traitement des donn\u00e9es traite les donn\u00e9es personnelles de mani\u00e8re l\u00e9gale, \u00e9quitable et s\u00e9curis\u00e9e. Le responsable du traitement des donn\u00e9es est en mesure de confirmer que les donn\u00e9es personnelles ont \u00e9t\u00e9 trait\u00e9es conform\u00e9ment aux dispositions de la l\u00e9gislation.<\/p>\n\n\n\n<ol start=\"2\" class=\"wp-block-list\">\n<li><strong>Collecte, traitement et stockage des donn\u00e9es personnelles<\/strong><\/li>\n<\/ol>\n\n\n\n<p class=\"wp-block-paragraph\">2.1. Les donn\u00e9es personnelles que le responsable du traitement des donn\u00e9es collecte, traite et stocke sont collect\u00e9es par voie \u00e9lectronique, principalement via le site Web et le courrier \u00e9lectronique.<\/p>\n\n\n\n<p class=\"wp-block-paragraph\">2.2. En partageant ses donn\u00e9es personnelles, la personne concern\u00e9e donne au responsable du traitement le droit de collecter, d&rsquo;organiser, d&rsquo;utiliser et de g\u00e9rer les donn\u00e9es personnelles aux fins sp\u00e9cifi\u00e9es dans la politique de confidentialit\u00e9, que la personne concern\u00e9e partage directement ou indirectement avec le responsable du traitement lors de l&rsquo;achat de biens ou de services sur le site Web.<\/p>\n\n\n\n<p class=\"wp-block-paragraph\">2.3. La personne concern\u00e9e est responsable de s&rsquo;assurer que les donn\u00e9es fournies par elle sont exactes, correctes et compl\u00e8tes. La fourniture d\u00e9lib\u00e9r\u00e9e de fausses informations est consid\u00e9r\u00e9e comme une violation de la politique de confidentialit\u00e9. La personne concern\u00e9e est tenue d&rsquo;informer imm\u00e9diatement le responsable du traitement des donn\u00e9es de tout changement dans les donn\u00e9es fournies.<\/p>\n\n\n\n<p class=\"wp-block-paragraph\">2.4. Le responsable du traitement des donn\u00e9es n&rsquo;est pas responsable des dommages caus\u00e9s \u00e0 la personne concern\u00e9e ou \u00e0 des tiers par la personne concern\u00e9e fournissant de fausses informations.<\/p>\n\n\n\n<ol start=\"3\" class=\"wp-block-list\">\n<li><strong>Traitement des donn\u00e9es personnelles des clients<\/strong><\/li>\n<\/ol>\n\n\n\n<p class=\"wp-block-paragraph\">3.1. Le responsable du traitement des donn\u00e9es peut traiter les donn\u00e9es personnelles suivantes de la personne concern\u00e9e :<\/p>\n\n\n\n<p class=\"wp-block-paragraph\">3.1.1. Pr\u00e9nom et nom ;<\/p>\n\n\n\n<p class=\"wp-block-paragraph\">3.1.2. Num\u00e9ro de t\u00e9l\u00e9phone ;<\/p>\n\n\n\n<p class=\"wp-block-paragraph\">3.1.3. Adresse e-mail ;<\/p>\n\n\n\n<p class=\"wp-block-paragraph\">3.1.4. Adresse de livraison ;<\/p>\n\n\n\n<p class=\"wp-block-paragraph\">3.1.5. Num\u00e9ro de compte courant ;<\/p>\n\n\n\n<p class=\"wp-block-paragraph\">3.1.6. D\u00e9tails de la carte de paiement&nbsp;;<\/p>\n\n\n\n<p class=\"wp-block-paragraph\">3.2. En plus de ce qui pr\u00e9c\u00e8de, le responsable du traitement a le droit de collecter des donn\u00e9es sur le client qui sont disponibles dans des registres publics.<\/p>\n\n\n\n<p class=\"wp-block-paragraph\">3.3. La base juridique du traitement des donn\u00e9es personnelles est l&rsquo;article 6(1)(a), (b), (c) et (f) du R\u00e8glement g\u00e9n\u00e9ral sur la protection des donn\u00e9es personnelles&nbsp;:<\/p>\n\n\n\n<p class=\"wp-block-paragraph\">a) la personne concern\u00e9e a donn\u00e9 son consentement au traitement de ses donn\u00e9es personnelles pour une ou plusieurs finalit\u00e9s sp\u00e9cifiques&nbsp;;<\/p>\n\n\n\n<p class=\"wp-block-paragraph\">b) le traitement des donn\u00e9es personnelles est n\u00e9cessaire \u00e0 l&rsquo;ex\u00e9cution d&rsquo;un contrat conclu avec la participation de la personne concern\u00e9e ou \u00e0 la prise de mesures pr\u00e9alables \u00e0 la conclusion du contrat conform\u00e9ment \u00e0 la demande de la personne concern\u00e9e&nbsp;;<\/p>\n\n\n\n<p class=\"wp-block-paragraph\">c) le traitement des donn\u00e9es personnelles est n\u00e9cessaire pour remplir l&rsquo;obligation l\u00e9gale du responsable du traitement&nbsp;;<\/p>\n\n\n\n<p class=\"wp-block-paragraph\">f) le traitement des donn\u00e9es personnelles est n\u00e9cessaire dans le cas d&rsquo;un int\u00e9r\u00eat l\u00e9gitime du responsable du traitement ou d&rsquo;un tiers, \u00e0 moins que cet int\u00e9r\u00eat ne soit pr\u00e9pond\u00e9rant par les int\u00e9r\u00eats de la personne concern\u00e9e ou par les droits et libert\u00e9s fondamentaux pour lesquels les donn\u00e9es personnelles doivent \u00eatre prot\u00e9g\u00e9es, en particulier si la personne concern\u00e9e est un enfant.<\/p>\n\n\n\n<p class=\"wp-block-paragraph\">3.4. Traitement des donn\u00e9es personnelles en fonction de la finalit\u00e9 du traitement :<\/p>\n\n\n\n<p class=\"wp-block-paragraph\">3.4.1. Finalit\u00e9 du traitement &#8211; s\u00e9curit\u00e9 et s\u00fbret\u00e9<br>La dur\u00e9e maximale de conservation des donn\u00e9es personnelles &#8211; selon les d\u00e9lais pr\u00e9vus par la loi<\/p>\n\n\n\n<p class=\"wp-block-paragraph\">3.4.2. Finalit\u00e9 du traitement &#8211; traitement des commandes<br>La dur\u00e9e maximale de conservation des donn\u00e9es personnelles &#8211; <strong>12 mois<\/strong><\/p>\n\n\n\n<p class=\"wp-block-paragraph\">3.4.3. Finalit\u00e9 du traitement &#8211; assurer le fonctionnement des services de la boutique en ligne<br>La dur\u00e9e maximale de conservation des donn\u00e9es personnelles &#8211; <strong>12 mois<\/strong><\/p>\n\n\n\n<p class=\"wp-block-paragraph\">3.4.4. Finalit\u00e9 du traitement &#8211; gestion des clients<br>La dur\u00e9e maximale de conservation des donn\u00e9es personnelles &#8211; <strong>12 mois<\/strong><\/p>\n\n\n\n<p class=\"wp-block-paragraph\">3.4.5. Finalit\u00e9 du traitement \u2013 \u200b\u200bactivit\u00e9 financi\u00e8re, comptabilit\u00e9<br>La dur\u00e9e maximale de conservation des donn\u00e9es personnelles \u2013 selon les d\u00e9lais pr\u00e9vus par la loi<\/p>\n\n\n\n<p class=\"wp-block-paragraph\">3.4.6. Finalit\u00e9 du traitement \u2013 \u200b\u200bmarketing<br>La dur\u00e9e maximale de conservation des donn\u00e9es personnelles \u2013 <strong>12 mois<\/strong><\/p>\n\n\n\n<p class=\"wp-block-paragraph\">3.5. Le responsable du traitement des donn\u00e9es a le droit de partager les donn\u00e9es personnelles des clients avec des tiers, tels que des sous-traitants de donn\u00e9es autoris\u00e9s, des comptables, des soci\u00e9t\u00e9s de transport et de messagerie, des soci\u00e9t\u00e9s fournissant des services de transfert. Le sous-traitant est le responsable du traitement des donn\u00e9es personnelles. Le sous-traitant transmet les donn\u00e9es personnelles n\u00e9cessaires pour effectuer les paiements au sous-traitant autoris\u00e9 <strong>Maksekeskus AS<\/strong>.<\/p>\n\n\n\n<p class=\"wp-block-paragraph\">3.6. Lors du traitement et du stockage des donn\u00e9es personnelles de la personne concern\u00e9e, le sous-traitant met en \u0153uvre des mesures organisationnelles et techniques qui garantissent la protection des donn\u00e9es personnelles contre la destruction, la modification, la divulgation accidentelles ou ill\u00e9gales et tout autre traitement ill\u00e9gal.<\/p>\n\n\n\n<p class=\"wp-block-paragraph\">3.7. Le sous-traitant conserve les donn\u00e9es des personnes concern\u00e9es en fonction de la finalit\u00e9 du traitement, mais pas plus d&rsquo;un an.<\/p>\n\n\n\n<ol start=\"4\" class=\"wp-block-list\">\n<li><strong>Droits de la personne concern\u00e9e<\/strong><\/li>\n<\/ol>\n\n\n\n<p class=\"wp-block-paragraph\">4.1. La personne concern\u00e9e a le droit d&rsquo;acc\u00e9der \u00e0 ses donn\u00e9es personnelles et de les consulter.<\/p>\n\n\n\n<p class=\"wp-block-paragraph\">4.2. La personne concern\u00e9e a le droit de recevoir des informations sur le traitement de ses donn\u00e9es personnelles.<\/p>\n\n\n\n<p class=\"wp-block-paragraph\">4.3. La personne concern\u00e9e a le droit de compl\u00e9ter ou de corriger les donn\u00e9es inexactes.<\/p>\n\n\n\n<p class=\"wp-block-paragraph\">4.4. Si le sous-traitant traite les donn\u00e9es personnelles de la personne concern\u00e9e sur la base du consentement de la personne concern\u00e9e, la personne concern\u00e9e a le droit de retirer son consentement \u00e0 tout moment.<\/p>\n\n\n\n<p class=\"wp-block-paragraph\">4.5. La personne concern\u00e9e peut contacter le service client de la boutique en ligne \u00e0 l&rsquo;adresse <strong>info@aztex.ee<\/strong> pour exercer ses droits.<\/p>\n\n\n\n<p class=\"wp-block-paragraph\">4.6. La personne concern\u00e9e peut d\u00e9poser une plainte aupr\u00e8s de l&rsquo;Inspection de la protection des donn\u00e9es pour prot\u00e9ger ses droits.<\/p>\n\n\n\n<ol start=\"5\" class=\"wp-block-list\">\n<li><strong>Dispositions finales<\/strong><\/li>\n<\/ol>\n\n\n\n<p class=\"wp-block-paragraph\">5.1. Les pr\u00e9sentes conditions de protection des donn\u00e9es ont \u00e9t\u00e9 \u00e9tablies conform\u00e9ment au r\u00e8glement (UE) n\u00b0 2016\/679 du Parlement europ\u00e9en et du Conseil relatif \u00e0 la protection des personnes physiques \u00e0 l&rsquo;\u00e9gard du traitement des donn\u00e9es \u00e0 caract\u00e8re personnel et \u00e0 la libre circulation de ces donn\u00e9es et abrogeant la directive 95\/46\/CE\/CE (r\u00e8glement g\u00e9n\u00e9ral sur la protection des donn\u00e9es), \u00e0 la loi sur la protection des donn\u00e9es personnelles de la R\u00e9publique d&rsquo;Estonie et \u00e0 la l\u00e9gislation de la R\u00e9publique d&rsquo;Estonie et de l&rsquo;Union europ\u00e9enne.<\/p>\n\n\n\n<p class=\"wp-block-paragraph\">5.2. Le responsable du traitement des donn\u00e9es a le droit de modifier partiellement ou totalement les conditions de protection des donn\u00e9es en informant les personnes concern\u00e9es des modifications via le site <strong>aztex.ee<\/strong><\/p>\n","protected":false},"excerpt":{"rendered":"<p>1.1. La pr\u00e9sente politique de confidentialit\u00e9 r\u00e9git les principes relatifs \u00e0 la collecte, au traitement et au stockage des donn\u00e9es<\/p>\n","protected":false},"author":1,"featured_media":0,"parent":0,"menu_order":0,"comment_status":"closed","ping_status":"closed","template":"","meta":{"footnotes":""},"class_list":["post-18876","page","type-page","status-publish","hentry"],"yoast_head":"<!-- This site is optimized with the Yoast SEO plugin v28.4 - https:\/\/yoast.com\/product\/yoast-seo-wordpress\/ -->\n<title>Politique de confidentialit\u00e9 | AZTEX<\/title>\n<meta name=\"description\" content=\"La pr\u00e9sente politique de confidentialit\u00e9 r\u00e9git les principes relatifs \u00e0 la collecte, au traitement et au stockage des donn\u00e9es personnelles.\" \/>\n<meta name=\"robots\" content=\"index, follow, max-snippet:-1, max-image-preview:large, max-video-preview:-1\" \/>\n<link rel=\"canonical\" href=\"https:\/\/aztex.ee\/fr\/politique-de-confidentialite\/\" \/>\n<meta property=\"og:locale\" content=\"fr_FR\" \/>\n<meta property=\"og:type\" content=\"article\" \/>\n<meta property=\"og:title\" content=\"Politique de confidentialit\u00e9 | AZTEX\" \/>\n<meta property=\"og:description\" content=\"La pr\u00e9sente politique de confidentialit\u00e9 r\u00e9git les principes relatifs \u00e0 la collecte, au traitement et au stockage des donn\u00e9es personnelles.\" \/>\n<meta property=\"og:url\" content=\"https:\/\/aztex.ee\/fr\/politique-de-confidentialite\/\" \/>\n<meta property=\"og:site_name\" content=\"AZTEX\" \/>\n<meta property=\"article:publisher\" content=\"https:\/\/www.facebook.com\/AztexEE\" \/>\n<meta property=\"article:modified_time\" content=\"2024-10-01T20:17:54+00:00\" \/>\n<meta name=\"twitter:card\" content=\"summary_large_image\" \/>\n<meta name=\"twitter:label1\" content=\"Dur\u00e9e de lecture estim\u00e9e\" \/>\n\t<meta name=\"twitter:data1\" content=\"7 minutes\" \/>\n<script type=\"application\/ld+json\" class=\"yoast-schema-graph\">{\"@context\":\"https:\\\/\\\/schema.org\",\"@graph\":[{\"@type\":\"WebPage\",\"@id\":\"https:\\\/\\\/aztex.ee\\\/fr\\\/politique-de-confidentialite\\\/\",\"url\":\"https:\\\/\\\/aztex.ee\\\/fr\\\/politique-de-confidentialite\\\/\",\"name\":\"Politique de confidentialit\u00e9 | AZTEX\",\"isPartOf\":{\"@id\":\"https:\\\/\\\/aztex.ee\\\/fr\\\/#website\"},\"datePublished\":\"2024-08-03T17:33:06+00:00\",\"dateModified\":\"2024-10-01T20:17:54+00:00\",\"description\":\"La pr\u00e9sente politique de confidentialit\u00e9 r\u00e9git les principes relatifs \u00e0 la collecte, au traitement et au stockage des donn\u00e9es personnelles.\",\"breadcrumb\":{\"@id\":\"https:\\\/\\\/aztex.ee\\\/fr\\\/politique-de-confidentialite\\\/#breadcrumb\"},\"inLanguage\":\"fr-FR\",\"potentialAction\":[{\"@type\":\"ReadAction\",\"target\":[\"https:\\\/\\\/aztex.ee\\\/fr\\\/politique-de-confidentialite\\\/\"]}]},{\"@type\":\"BreadcrumbList\",\"@id\":\"https:\\\/\\\/aztex.ee\\\/fr\\\/politique-de-confidentialite\\\/#breadcrumb\",\"itemListElement\":[{\"@type\":\"ListItem\",\"position\":1,\"name\":\"Accueil\",\"item\":\"https:\\\/\\\/aztex.ee\\\/fr\\\/\"},{\"@type\":\"ListItem\",\"position\":2,\"name\":\"Politique de confidentialit\u00e9\"}]},{\"@type\":\"WebSite\",\"@id\":\"https:\\\/\\\/aztex.ee\\\/fr\\\/#website\",\"url\":\"https:\\\/\\\/aztex.ee\\\/fr\\\/\",\"name\":\"AZTEX\",\"description\":\"\",\"publisher\":{\"@id\":\"https:\\\/\\\/aztex.ee\\\/fr\\\/#organization\"},\"potentialAction\":[{\"@type\":\"SearchAction\",\"target\":{\"@type\":\"EntryPoint\",\"urlTemplate\":\"https:\\\/\\\/aztex.ee\\\/fr\\\/?s={search_term_string}\"},\"query-input\":{\"@type\":\"PropertyValueSpecification\",\"valueRequired\":true,\"valueName\":\"search_term_string\"}}],\"inLanguage\":\"fr-FR\"},{\"@type\":\"Organization\",\"@id\":\"https:\\\/\\\/aztex.ee\\\/fr\\\/#organization\",\"name\":\"AZTEX\",\"url\":\"https:\\\/\\\/aztex.ee\\\/fr\\\/\",\"logo\":{\"@type\":\"ImageObject\",\"inLanguage\":\"fr-FR\",\"@id\":\"https:\\\/\\\/aztex.ee\\\/fr\\\/#\\\/schema\\\/logo\\\/image\\\/\",\"url\":\"https:\\\/\\\/aztex.ee\\\/wp-content\\\/uploads\\\/2026\\\/01\\\/AZTEX.png\",\"contentUrl\":\"https:\\\/\\\/aztex.ee\\\/wp-content\\\/uploads\\\/2026\\\/01\\\/AZTEX.png\",\"width\":500,\"height\":500,\"caption\":\"AZTEX\"},\"image\":{\"@id\":\"https:\\\/\\\/aztex.ee\\\/fr\\\/#\\\/schema\\\/logo\\\/image\\\/\"},\"sameAs\":[\"https:\\\/\\\/www.facebook.com\\\/AztexEE\",\"https:\\\/\\\/www.instagram.com\\\/aztexeesti\\\/\",\"https:\\\/\\\/www.youtube.com\\\/@AZTEXEE\",\"https:\\\/\\\/www.pinterest.com\\\/aztex_eesti\\\/\",\"https:\\\/\\\/www.tiktok.com\\\/@aztexeesti\",\"https:\\\/\\\/www.trustpilot.com\\\/review\\\/aztex.ee\",\"https:\\\/\\\/www.linkedin.com\\\/company\\\/aztex-ee\\\/\",\"https:\\\/\\\/www.wikidata.org\\\/wiki\\\/Q137560182\"]}]}<\/script>\n<!-- \/ Yoast SEO plugin. -->","yoast_head_json":{"title":"Politique de confidentialit\u00e9 | AZTEX","description":"La pr\u00e9sente politique de confidentialit\u00e9 r\u00e9git les principes relatifs \u00e0 la collecte, au traitement et au stockage des donn\u00e9es personnelles.","robots":{"index":"index","follow":"follow","max-snippet":"max-snippet:-1","max-image-preview":"max-image-preview:large","max-video-preview":"max-video-preview:-1"},"canonical":"https:\/\/aztex.ee\/fr\/politique-de-confidentialite\/","og_locale":"fr_FR","og_type":"article","og_title":"Politique de confidentialit\u00e9 | AZTEX","og_description":"La pr\u00e9sente politique de confidentialit\u00e9 r\u00e9git les principes relatifs \u00e0 la collecte, au traitement et au stockage des donn\u00e9es personnelles.","og_url":"https:\/\/aztex.ee\/fr\/politique-de-confidentialite\/","og_site_name":"AZTEX","article_publisher":"https:\/\/www.facebook.com\/AztexEE","article_modified_time":"2024-10-01T20:17:54+00:00","twitter_card":"summary_large_image","twitter_misc":{"Dur\u00e9e de lecture estim\u00e9e":"7 minutes"},"schema":{"@context":"https:\/\/schema.org","@graph":[{"@type":"WebPage","@id":"https:\/\/aztex.ee\/fr\/politique-de-confidentialite\/","url":"https:\/\/aztex.ee\/fr\/politique-de-confidentialite\/","name":"Politique de confidentialit\u00e9 | AZTEX","isPartOf":{"@id":"https:\/\/aztex.ee\/fr\/#website"},"datePublished":"2024-08-03T17:33:06+00:00","dateModified":"2024-10-01T20:17:54+00:00","description":"La pr\u00e9sente politique de confidentialit\u00e9 r\u00e9git les principes relatifs \u00e0 la collecte, au traitement et au stockage des donn\u00e9es personnelles.","breadcrumb":{"@id":"https:\/\/aztex.ee\/fr\/politique-de-confidentialite\/#breadcrumb"},"inLanguage":"fr-FR","potentialAction":[{"@type":"ReadAction","target":["https:\/\/aztex.ee\/fr\/politique-de-confidentialite\/"]}]},{"@type":"BreadcrumbList","@id":"https:\/\/aztex.ee\/fr\/politique-de-confidentialite\/#breadcrumb","itemListElement":[{"@type":"ListItem","position":1,"name":"Accueil","item":"https:\/\/aztex.ee\/fr\/"},{"@type":"ListItem","position":2,"name":"Politique de confidentialit\u00e9"}]},{"@type":"WebSite","@id":"https:\/\/aztex.ee\/fr\/#website","url":"https:\/\/aztex.ee\/fr\/","name":"AZTEX","description":"","publisher":{"@id":"https:\/\/aztex.ee\/fr\/#organization"},"potentialAction":[{"@type":"SearchAction","target":{"@type":"EntryPoint","urlTemplate":"https:\/\/aztex.ee\/fr\/?s={search_term_string}"},"query-input":{"@type":"PropertyValueSpecification","valueRequired":true,"valueName":"search_term_string"}}],"inLanguage":"fr-FR"},{"@type":"Organization","@id":"https:\/\/aztex.ee\/fr\/#organization","name":"AZTEX","url":"https:\/\/aztex.ee\/fr\/","logo":{"@type":"ImageObject","inLanguage":"fr-FR","@id":"https:\/\/aztex.ee\/fr\/#\/schema\/logo\/image\/","url":"https:\/\/aztex.ee\/wp-content\/uploads\/2026\/01\/AZTEX.png","contentUrl":"https:\/\/aztex.ee\/wp-content\/uploads\/2026\/01\/AZTEX.png","width":500,"height":500,"caption":"AZTEX"},"image":{"@id":"https:\/\/aztex.ee\/fr\/#\/schema\/logo\/image\/"},"sameAs":["https:\/\/www.facebook.com\/AztexEE","https:\/\/www.instagram.com\/aztexeesti\/","https:\/\/www.youtube.com\/@AZTEXEE","https:\/\/www.pinterest.com\/aztex_eesti\/","https:\/\/www.tiktok.com\/@aztexeesti","https:\/\/www.trustpilot.com\/review\/aztex.ee","https:\/\/www.linkedin.com\/company\/aztex-ee\/","https:\/\/www.wikidata.org\/wiki\/Q137560182"]}]}},"_links":{"self":[{"href":"https:\/\/aztex.ee\/fr\/wp-json\/wp\/v2\/pages\/18876","targetHints":{"allow":["GET"]}}],"collection":[{"href":"https:\/\/aztex.ee\/fr\/wp-json\/wp\/v2\/pages"}],"about":[{"href":"https:\/\/aztex.ee\/fr\/wp-json\/wp\/v2\/types\/page"}],"author":[{"embeddable":true,"href":"https:\/\/aztex.ee\/fr\/wp-json\/wp\/v2\/users\/1"}],"replies":[{"embeddable":true,"href":"https:\/\/aztex.ee\/fr\/wp-json\/wp\/v2\/comments?post=18876"}],"version-history":[{"count":0,"href":"https:\/\/aztex.ee\/fr\/wp-json\/wp\/v2\/pages\/18876\/revisions"}],"wp:attachment":[{"href":"https:\/\/aztex.ee\/fr\/wp-json\/wp\/v2\/media?parent=18876"}],"curies":[{"name":"wp","href":"https:\/\/api.w.org\/{rel}","templated":true}]}}