{"id":54588,"date":"2025-02-12T16:11:34","date_gmt":"2025-02-12T16:11:34","guid":{"rendered":"https:\/\/aztex.ee\/?post_type=product&#038;p=54588"},"modified":"2026-03-14T16:21:40","modified_gmt":"2026-03-14T16:21:40","slug":"mekka-fleecova-deka-200x230-cm","status":"publish","type":"product","link":"https:\/\/aztex.ee\/cs\/pood\/deky-a-pledy\/mekka-fleecova-deka-200x230-cm\/","title":{"rendered":"M\u011bkk\u00e1 fleecov\u00e1 deka 200&#215;230 cm"},"content":{"rendered":"<p><strong>M\u011bkk\u00e1 sametov\u00e1 fleecov\u00e1 deka &#8211; teplo a pohodl\u00ed pro ka\u017ed\u00fd okam\u017eik!<\/strong><\/p>\n<p>Sametov\u00e1 fleecov\u00e1 deka p\u0159in\u00e1\u0161\u00ed do va\u0161eho domova teplo, m\u011bkkost a luxusn\u00ed pohodl\u00ed a je tak perfektn\u00ed volbou pro ka\u017ed\u00e9 ro\u010dn\u00ed obdob\u00ed. Jeho sametov\u011b jemn\u00e1 textura a elegantn\u00ed vzhled jsou skv\u011bl\u00fdm dopl\u0148kem ka\u017ed\u00e9ho interi\u00e9ru a poskytuj\u00ed \u00fatulnost a teplo i v chladn\u011bj\u0161\u00edch dnech.<\/p>\n<p><strong>M\u011bkk\u00e1 textura<\/strong><br \/>\nSametov\u00e1 fleecov\u00e1 deka m\u00e1 sametov\u011b hebk\u00fd povrch, kter\u00fd poskytuje luxusn\u00ed pohodl\u00ed, d\u00edky \u010demu\u017e je ka\u017ed\u00fd okam\u017eik je\u0161t\u011b p\u0159\u00edjemn\u011bj\u0161\u00ed. M\u011bkk\u00fd materi\u00e1l je p\u0159\u00edjemn\u00fd a dod\u00e1v\u00e1 pocit tepla, kter\u00fd vydr\u017e\u00ed.<\/p>\n<p><strong>Lehk\u00e9 a tepl\u00e9<\/strong><br \/>\nIde\u00e1ln\u00ed pro ka\u017ed\u00e9 ro\u010dn\u00ed obdob\u00ed, poskytuje teplo a pohodl\u00ed v ka\u017ed\u00e9m okam\u017eiku. Deka je lehk\u00e1, ale dostate\u010dn\u011b tepl\u00e1, aby v\u00e1s p\u0159\u00edjemn\u011b zah\u0159\u00e1la i za chladn\u011bj\u0161\u00edch noc\u00ed nebo chladn\u00fdch ve\u010der\u016f.<\/p>\n<p><strong>Snadn\u00e1 p\u00e9\u010de<\/strong><br \/>\nSametovou fleecovou deku lze snadno pr\u00e1t v pra\u010dce, tak\u017ee je praktick\u00e1 a vhodn\u00e1 pro ka\u017edodenn\u00ed pou\u017eit\u00ed.<\/p>\n<p><strong>Nad\u010dasov\u00e1 volba<\/strong><br \/>\nSametov\u00e1 fleecov\u00e1 deka je odoln\u00e1 a poskytuje \u00fatulnost a teplo, kter\u00e9 vydr\u017e\u00ed roky, je praktick\u00fdm v\u00fdrobkem, kter\u00fd se snadno udr\u017euje a hod\u00ed se do ka\u017ed\u00e9ho interi\u00e9ru.<\/p>\n<p>Sametov\u00e1 fleecov\u00e1 deka je skv\u011bl\u00fdm dopl\u0148kem pro ka\u017edodenn\u00ed pou\u017eit\u00ed, poskytuje teplo, m\u011bkkost a pohodl\u00ed, kter\u00e9 si m\u016f\u017eete u\u017e\u00edvat ka\u017ed\u00fd den. A\u0165 u\u017e se jedn\u00e1 o lo\u017enici, ob\u00fdvac\u00ed pokoj nebo dokonce \u00fatulnou pohovku &#8211; tato deka z\u00fatuln\u00ed v\u00e1\u0161 prostor a je tak\u00e9 ide\u00e1ln\u00edm d\u00e1rkem pro va\u0161e bl\u00edzk\u00e9.<\/p>\n","protected":false},"excerpt":{"rendered":"<ul>\n<li>Materi\u00e1l: Kor\u00e1lov\u00fd fleece<\/li>\n<li>Rozm\u011br: 200&#215;230 cm \u00b13<\/li>\n<li>Gram\u00e1\u017e: 1,4 kg<\/li>\n<\/ul>\n","protected":false},"featured_media":54802,"comment_status":"open","ping_status":"closed","template":"","meta":[],"product_brand":[],"product_cat":[1862,3127,3412],"product_tag":[],"class_list":{"0":"post-54588","1":"product","2":"type-product","3":"status-publish","4":"has-post-thumbnail","6":"product_cat-deky-a-pledy","7":"product_cat-fleecove-deky","8":"product_cat-fleecove-deky-200x230-cm","10":"first","11":"instock","12":"shipping-taxable","13":"purchasable","14":"product-type-variable"},"yoast_head":"<!-- This site is optimized with the Yoast SEO plugin v27.4 - https:\/\/yoast.com\/product\/yoast-seo-wordpress\/ -->\n<title>M\u011bkk\u00e1 fleecov\u00e1 deka 200x230 cm | AZTEX<\/title>\n<meta name=\"description\" content=\"Sametov\u00e1 fleecov\u00e1 deka m\u00e1 m\u011bkkou texturu, kter\u00e1 poskytuje teplo a pohodl\u00ed. Lehk\u00fd, lze pr\u00e1t v pra\u010dce a snadno se udr\u017euje - ide\u00e1ln\u00ed pro ka\u017edodenn\u00ed pou\u017eit\u00ed.\" \/>\n<meta name=\"robots\" content=\"index, follow, max-snippet:-1, max-image-preview:large, max-video-preview:-1\" \/>\n<link rel=\"canonical\" href=\"https:\/\/aztex.ee\/cs\/pood\/deky-a-pledy\/mekka-fleecova-deka-200x230-cm\/\" \/>\n<meta property=\"og:locale\" content=\"cs_CZ\" \/>\n<meta property=\"og:type\" content=\"article\" \/>\n<meta property=\"og:title\" content=\"M\u011bkk\u00e1 fleecov\u00e1 deka 200x230 cm | AZTEX\" \/>\n<meta property=\"og:description\" content=\"Sametov\u00e1 fleecov\u00e1 deka m\u00e1 m\u011bkkou texturu, kter\u00e1 poskytuje teplo a pohodl\u00ed. Lehk\u00fd, lze pr\u00e1t v pra\u010dce a snadno se udr\u017euje - ide\u00e1ln\u00ed pro ka\u017edodenn\u00ed pou\u017eit\u00ed.\" \/>\n<meta property=\"og:url\" content=\"https:\/\/aztex.ee\/cs\/pood\/deky-a-pledy\/mekka-fleecova-deka-200x230-cm\/\" \/>\n<meta property=\"og:site_name\" content=\"AZTEX\" \/>\n<meta property=\"article:publisher\" content=\"https:\/\/www.facebook.com\/AztexEE\" \/>\n<meta property=\"article:modified_time\" content=\"2026-03-14T16:21:40+00:00\" \/>\n<meta property=\"og:image\" content=\"https:\/\/aztex.ee\/wp-content\/uploads\/2025\/02\/Pehme-velvet-fliistekk-200\u00d7230-cm.jpg\" \/>\n\t<meta property=\"og:image:width\" content=\"800\" \/>\n\t<meta property=\"og:image:height\" content=\"800\" \/>\n\t<meta property=\"og:image:type\" content=\"image\/jpeg\" \/>\n<meta name=\"twitter:card\" content=\"summary_large_image\" \/>\n<meta name=\"twitter:label1\" content=\"Odhadovan\u00e1 doba \u010dten\u00ed\" \/>\n\t<meta name=\"twitter:data1\" content=\"2 minuta\" \/>\n<script type=\"application\/ld+json\" class=\"yoast-schema-graph\">{\"@context\":\"https:\\\/\\\/schema.org\",\"@graph\":[{\"@type\":[\"WebPage\",\"ItemPage\"],\"@id\":\"https:\\\/\\\/aztex.ee\\\/cs\\\/pood\\\/deky-a-pledy\\\/mekka-fleecova-deka-200x230-cm\\\/\",\"url\":\"https:\\\/\\\/aztex.ee\\\/cs\\\/pood\\\/deky-a-pledy\\\/mekka-fleecova-deka-200x230-cm\\\/\",\"name\":\"M\u011bkk\u00e1 fleecov\u00e1 deka 200x230 cm | AZTEX\",\"isPartOf\":{\"@id\":\"https:\\\/\\\/aztex.ee\\\/cs\\\/#website\"},\"primaryImageOfPage\":{\"@id\":\"https:\\\/\\\/aztex.ee\\\/cs\\\/pood\\\/deky-a-pledy\\\/mekka-fleecova-deka-200x230-cm\\\/#primaryimage\"},\"image\":{\"@id\":\"https:\\\/\\\/aztex.ee\\\/cs\\\/pood\\\/deky-a-pledy\\\/mekka-fleecova-deka-200x230-cm\\\/#primaryimage\"},\"thumbnailUrl\":\"https:\\\/\\\/aztex.ee\\\/wp-content\\\/uploads\\\/2025\\\/02\\\/Pehme-velvet-fliistekk-200\u00d7230-cm.jpg\",\"datePublished\":\"2025-02-12T16:11:34+00:00\",\"dateModified\":\"2026-03-14T16:21:40+00:00\",\"description\":\"Sametov\u00e1 fleecov\u00e1 deka m\u00e1 m\u011bkkou texturu, kter\u00e1 poskytuje teplo a pohodl\u00ed. Lehk\u00fd, lze pr\u00e1t v pra\u010dce a snadno se udr\u017euje - ide\u00e1ln\u00ed pro ka\u017edodenn\u00ed pou\u017eit\u00ed.\",\"breadcrumb\":{\"@id\":\"https:\\\/\\\/aztex.ee\\\/cs\\\/pood\\\/deky-a-pledy\\\/mekka-fleecova-deka-200x230-cm\\\/#breadcrumb\"},\"inLanguage\":\"cs\",\"potentialAction\":[{\"@type\":\"ReadAction\",\"target\":[\"https:\\\/\\\/aztex.ee\\\/cs\\\/pood\\\/deky-a-pledy\\\/mekka-fleecova-deka-200x230-cm\\\/\"]}]},{\"@type\":\"ImageObject\",\"inLanguage\":\"cs\",\"@id\":\"https:\\\/\\\/aztex.ee\\\/cs\\\/pood\\\/deky-a-pledy\\\/mekka-fleecova-deka-200x230-cm\\\/#primaryimage\",\"url\":\"https:\\\/\\\/aztex.ee\\\/wp-content\\\/uploads\\\/2025\\\/02\\\/Pehme-velvet-fliistekk-200\u00d7230-cm.jpg\",\"contentUrl\":\"https:\\\/\\\/aztex.ee\\\/wp-content\\\/uploads\\\/2025\\\/02\\\/Pehme-velvet-fliistekk-200\u00d7230-cm.jpg\",\"width\":800,\"height\":800,\"caption\":\"Pehme velvet fliistekk 200\u00d7230 cm\"},{\"@type\":\"BreadcrumbList\",\"@id\":\"https:\\\/\\\/aztex.ee\\\/cs\\\/pood\\\/deky-a-pledy\\\/mekka-fleecova-deka-200x230-cm\\\/#breadcrumb\",\"itemListElement\":[{\"@type\":\"ListItem\",\"position\":1,\"name\":\"Dom\u016f\",\"item\":\"https:\\\/\\\/aztex.ee\\\/cs\\\/\"},{\"@type\":\"ListItem\",\"position\":2,\"name\":\"Obchod\",\"item\":\"https:\\\/\\\/aztex.ee\\\/cs\\\/obchod\\\/\"},{\"@type\":\"ListItem\",\"position\":3,\"name\":\"M\u011bkk\u00e1 fleecov\u00e1 deka 200&#215;230 cm\"}]},{\"@type\":\"WebSite\",\"@id\":\"https:\\\/\\\/aztex.ee\\\/cs\\\/#website\",\"url\":\"https:\\\/\\\/aztex.ee\\\/cs\\\/\",\"name\":\"AZTEX\",\"description\":\"\",\"publisher\":{\"@id\":\"https:\\\/\\\/aztex.ee\\\/cs\\\/#organization\"},\"potentialAction\":[{\"@type\":\"SearchAction\",\"target\":{\"@type\":\"EntryPoint\",\"urlTemplate\":\"https:\\\/\\\/aztex.ee\\\/cs\\\/?s={search_term_string}\"},\"query-input\":{\"@type\":\"PropertyValueSpecification\",\"valueRequired\":true,\"valueName\":\"search_term_string\"}}],\"inLanguage\":\"cs\"},{\"@type\":\"Organization\",\"@id\":\"https:\\\/\\\/aztex.ee\\\/cs\\\/#organization\",\"name\":\"AZTEX\",\"url\":\"https:\\\/\\\/aztex.ee\\\/cs\\\/\",\"logo\":{\"@type\":\"ImageObject\",\"inLanguage\":\"cs\",\"@id\":\"https:\\\/\\\/aztex.ee\\\/cs\\\/#\\\/schema\\\/logo\\\/image\\\/\",\"url\":\"https:\\\/\\\/aztex.ee\\\/wp-content\\\/uploads\\\/2026\\\/01\\\/AZTEX.png\",\"contentUrl\":\"https:\\\/\\\/aztex.ee\\\/wp-content\\\/uploads\\\/2026\\\/01\\\/AZTEX.png\",\"width\":500,\"height\":500,\"caption\":\"AZTEX\"},\"image\":{\"@id\":\"https:\\\/\\\/aztex.ee\\\/cs\\\/#\\\/schema\\\/logo\\\/image\\\/\"},\"sameAs\":[\"https:\\\/\\\/www.facebook.com\\\/AztexEE\",\"https:\\\/\\\/www.instagram.com\\\/aztexeesti\\\/\",\"https:\\\/\\\/www.youtube.com\\\/@AZTEXEE\",\"https:\\\/\\\/www.pinterest.com\\\/aztex_eesti\\\/\",\"https:\\\/\\\/www.tiktok.com\\\/@aztexeesti\",\"https:\\\/\\\/www.trustpilot.com\\\/review\\\/aztex.ee\",\"https:\\\/\\\/www.linkedin.com\\\/company\\\/aztex-ee\\\/\",\"https:\\\/\\\/www.wikidata.org\\\/wiki\\\/Q137560182\"]}]}<\/script>\n<!-- \/ Yoast SEO plugin. -->","yoast_head_json":{"title":"M\u011bkk\u00e1 fleecov\u00e1 deka 200x230 cm | AZTEX","description":"Sametov\u00e1 fleecov\u00e1 deka m\u00e1 m\u011bkkou texturu, kter\u00e1 poskytuje teplo a pohodl\u00ed. Lehk\u00fd, lze pr\u00e1t v pra\u010dce a snadno se udr\u017euje - ide\u00e1ln\u00ed pro ka\u017edodenn\u00ed pou\u017eit\u00ed.","robots":{"index":"index","follow":"follow","max-snippet":"max-snippet:-1","max-image-preview":"max-image-preview:large","max-video-preview":"max-video-preview:-1"},"canonical":"https:\/\/aztex.ee\/cs\/pood\/deky-a-pledy\/mekka-fleecova-deka-200x230-cm\/","og_locale":"cs_CZ","og_type":"article","og_title":"M\u011bkk\u00e1 fleecov\u00e1 deka 200x230 cm | AZTEX","og_description":"Sametov\u00e1 fleecov\u00e1 deka m\u00e1 m\u011bkkou texturu, kter\u00e1 poskytuje teplo a pohodl\u00ed. Lehk\u00fd, lze pr\u00e1t v pra\u010dce a snadno se udr\u017euje - ide\u00e1ln\u00ed pro ka\u017edodenn\u00ed pou\u017eit\u00ed.","og_url":"https:\/\/aztex.ee\/cs\/pood\/deky-a-pledy\/mekka-fleecova-deka-200x230-cm\/","og_site_name":"AZTEX","article_publisher":"https:\/\/www.facebook.com\/AztexEE","article_modified_time":"2026-03-14T16:21:40+00:00","og_image":[{"width":800,"height":800,"url":"https:\/\/aztex.ee\/wp-content\/uploads\/2025\/02\/Pehme-velvet-fliistekk-200\u00d7230-cm.jpg","type":"image\/jpeg"}],"twitter_card":"summary_large_image","twitter_misc":{"Odhadovan\u00e1 doba \u010dten\u00ed":"2 minuta"},"schema":{"@context":"https:\/\/schema.org","@graph":[{"@type":["WebPage","ItemPage"],"@id":"https:\/\/aztex.ee\/cs\/pood\/deky-a-pledy\/mekka-fleecova-deka-200x230-cm\/","url":"https:\/\/aztex.ee\/cs\/pood\/deky-a-pledy\/mekka-fleecova-deka-200x230-cm\/","name":"M\u011bkk\u00e1 fleecov\u00e1 deka 200x230 cm | AZTEX","isPartOf":{"@id":"https:\/\/aztex.ee\/cs\/#website"},"primaryImageOfPage":{"@id":"https:\/\/aztex.ee\/cs\/pood\/deky-a-pledy\/mekka-fleecova-deka-200x230-cm\/#primaryimage"},"image":{"@id":"https:\/\/aztex.ee\/cs\/pood\/deky-a-pledy\/mekka-fleecova-deka-200x230-cm\/#primaryimage"},"thumbnailUrl":"https:\/\/aztex.ee\/wp-content\/uploads\/2025\/02\/Pehme-velvet-fliistekk-200\u00d7230-cm.jpg","datePublished":"2025-02-12T16:11:34+00:00","dateModified":"2026-03-14T16:21:40+00:00","description":"Sametov\u00e1 fleecov\u00e1 deka m\u00e1 m\u011bkkou texturu, kter\u00e1 poskytuje teplo a pohodl\u00ed. Lehk\u00fd, lze pr\u00e1t v pra\u010dce a snadno se udr\u017euje - ide\u00e1ln\u00ed pro ka\u017edodenn\u00ed pou\u017eit\u00ed.","breadcrumb":{"@id":"https:\/\/aztex.ee\/cs\/pood\/deky-a-pledy\/mekka-fleecova-deka-200x230-cm\/#breadcrumb"},"inLanguage":"cs","potentialAction":[{"@type":"ReadAction","target":["https:\/\/aztex.ee\/cs\/pood\/deky-a-pledy\/mekka-fleecova-deka-200x230-cm\/"]}]},{"@type":"ImageObject","inLanguage":"cs","@id":"https:\/\/aztex.ee\/cs\/pood\/deky-a-pledy\/mekka-fleecova-deka-200x230-cm\/#primaryimage","url":"https:\/\/aztex.ee\/wp-content\/uploads\/2025\/02\/Pehme-velvet-fliistekk-200\u00d7230-cm.jpg","contentUrl":"https:\/\/aztex.ee\/wp-content\/uploads\/2025\/02\/Pehme-velvet-fliistekk-200\u00d7230-cm.jpg","width":800,"height":800,"caption":"Pehme velvet fliistekk 200\u00d7230 cm"},{"@type":"BreadcrumbList","@id":"https:\/\/aztex.ee\/cs\/pood\/deky-a-pledy\/mekka-fleecova-deka-200x230-cm\/#breadcrumb","itemListElement":[{"@type":"ListItem","position":1,"name":"Dom\u016f","item":"https:\/\/aztex.ee\/cs\/"},{"@type":"ListItem","position":2,"name":"Obchod","item":"https:\/\/aztex.ee\/cs\/obchod\/"},{"@type":"ListItem","position":3,"name":"M\u011bkk\u00e1 fleecov\u00e1 deka 200&#215;230 cm"}]},{"@type":"WebSite","@id":"https:\/\/aztex.ee\/cs\/#website","url":"https:\/\/aztex.ee\/cs\/","name":"AZTEX","description":"","publisher":{"@id":"https:\/\/aztex.ee\/cs\/#organization"},"potentialAction":[{"@type":"SearchAction","target":{"@type":"EntryPoint","urlTemplate":"https:\/\/aztex.ee\/cs\/?s={search_term_string}"},"query-input":{"@type":"PropertyValueSpecification","valueRequired":true,"valueName":"search_term_string"}}],"inLanguage":"cs"},{"@type":"Organization","@id":"https:\/\/aztex.ee\/cs\/#organization","name":"AZTEX","url":"https:\/\/aztex.ee\/cs\/","logo":{"@type":"ImageObject","inLanguage":"cs","@id":"https:\/\/aztex.ee\/cs\/#\/schema\/logo\/image\/","url":"https:\/\/aztex.ee\/wp-content\/uploads\/2026\/01\/AZTEX.png","contentUrl":"https:\/\/aztex.ee\/wp-content\/uploads\/2026\/01\/AZTEX.png","width":500,"height":500,"caption":"AZTEX"},"image":{"@id":"https:\/\/aztex.ee\/cs\/#\/schema\/logo\/image\/"},"sameAs":["https:\/\/www.facebook.com\/AztexEE","https:\/\/www.instagram.com\/aztexeesti\/","https:\/\/www.youtube.com\/@AZTEXEE","https:\/\/www.pinterest.com\/aztex_eesti\/","https:\/\/www.tiktok.com\/@aztexeesti","https:\/\/www.trustpilot.com\/review\/aztex.ee","https:\/\/www.linkedin.com\/company\/aztex-ee\/","https:\/\/www.wikidata.org\/wiki\/Q137560182"]}]}},"_links":{"self":[{"href":"https:\/\/aztex.ee\/cs\/wp-json\/wp\/v2\/product\/54588","targetHints":{"allow":["GET"]}}],"collection":[{"href":"https:\/\/aztex.ee\/cs\/wp-json\/wp\/v2\/product"}],"about":[{"href":"https:\/\/aztex.ee\/cs\/wp-json\/wp\/v2\/types\/product"}],"replies":[{"embeddable":true,"href":"https:\/\/aztex.ee\/cs\/wp-json\/wp\/v2\/comments?post=54588"}],"version-history":[{"count":0,"href":"https:\/\/aztex.ee\/cs\/wp-json\/wp\/v2\/product\/54588\/revisions"}],"wp:featuredmedia":[{"embeddable":true,"href":"https:\/\/aztex.ee\/cs\/wp-json\/wp\/v2\/media\/54802"}],"wp:attachment":[{"href":"https:\/\/aztex.ee\/cs\/wp-json\/wp\/v2\/media?parent=54588"}],"wp:term":[{"taxonomy":"product_brand","embeddable":true,"href":"https:\/\/aztex.ee\/cs\/wp-json\/wp\/v2\/product_brand?post=54588"},{"taxonomy":"product_cat","embeddable":true,"href":"https:\/\/aztex.ee\/cs\/wp-json\/wp\/v2\/product_cat?post=54588"},{"taxonomy":"product_tag","embeddable":true,"href":"https:\/\/aztex.ee\/cs\/wp-json\/wp\/v2\/product_tag?post=54588"}],"curies":[{"name":"wp","href":"https:\/\/api.w.org\/{rel}","templated":true}]}}